{"id":8431,"date":"2023-11-29T12:27:54","date_gmt":"2023-11-29T10:27:54","guid":{"rendered":"https:\/\/hch2.de\/?post_type=aktuelles&#038;p=8431"},"modified":"2025-09-04T15:08:15","modified_gmt":"2025-09-04T13:08:15","slug":"new-director-at-the-institute-for-a-sustainable-hydrogen-economy","status":"publish","type":"aktuelles","link":"https:\/\/hch2.de\/en\/news\/new-director-at-the-institute-for-a-sustainable-hydrogen-economy\/","title":{"rendered":"New Director at the Institute for a Sustainable Hydrogen Economy"},"content":{"rendered":"\n<div style=\"height:25px\" aria-hidden=\"true\" class=\"wp-block-spacer\"><\/div>\n\n<p><a href=\"https:\/\/www.fz-juelich.de\/de\/institute\/inw\" target=\"_blank\" rel=\"noreferrer noopener\"><br\/><\/a><strong>Forschungszentrum J\u00fclich\u2019s<a href=\"https:\/\/www.fz-juelich.de\/de\/institute\/inw\" target=\"_blank\" rel=\"noreferrer noopener\"> Institute for a Sustainable Hydrogen Economy (INW)<\/a> continues to grow. On 1 December, <a href=\"https:\/\/chemie.uni-paderborn.de\/arbeitskreise\/technische-chemie\/steinrueck\/jun-prof-dr-hans-georg-steinrueck\" target=\"_blank\" rel=\"noreferrer noopener\">Prof. Dr. Hans-Georg Steinr\u00fcck<\/a> will be appointed director of Catalytic Interfaces for Chemical Hydrogen Storage (INW-1). The 35-year-old physicist is moving to J\u00fclich from <a href=\"https:\/\/chemie.uni-paderborn.de\/arbeitskreise\/technische-chemie\/steinrueck\/jun-prof-dr-hans-georg-steinrueck\" target=\"_blank\" rel=\"noreferrer noopener\">Paderborn University\u2019s Department of Chemistry<\/a> and will establish the new subinstitute. With the appointment of Prof. Steinr\u00fcck, three of the four subinstitutes at INW, which was founded two years ago, now have directors. In March, Prof. Dr. Andreas Peschel became head of INW-4 and in October, Prof. Dr. Regina Palkovits was appointed head of INW-2.    <\/strong><\/p>\n\n<p>\u201cThe development of our new INW institute is progressing steadily. I am delighted that we could attract Prof. Hans-Georg Steinr\u00fcck as another internationally renowned young scientist to help establish our new subinstitute and that we can now welcome him as another pioneer of the sustainable hydrogen economy to J\u00fclich,\u201d said Dr. Peter Jansens, member of the Board of Directors of Forschungszentrum J\u00fclich.<\/p>\n\n<p>\u201cI hope that this team of first-class directors will be able to motivate many other talented researchers to join INW.\u201d<\/p>\n\n<div style=\"height:25px\" aria-hidden=\"true\" class=\"wp-block-spacer\"><\/div>\n\n<h3 class=\"wp-block-heading\">Professorship at RWTH Aachen University<\/h3>\n\n<p>Steinr\u00fcck obtained a doctoral degree in physics at<em> Friedrich-Alexander-Universit\u00e4t Erlangen-N\u00fcrnberg<\/em> and subsequently spent five years conducting research in the <em>materials science department<\/em> at <em>Stanford University\u2019s SLAC<\/em> National Accelerator Laboratory in the USA. In 2020, he became junior professor <em>for<\/em> interfacial processes in reaction engineering at Paderborn University. In line with the J\u00fclich model, Hans-Georg Steinr\u00fcck will be appointed professor at RWTH Aachen University where he will be affiliated with the <a href=\"https:\/\/www.ipc.rwth-aachen.de\/cms\/~ihng\/IPC\/\" target=\"_blank\" rel=\"noreferrer noopener\">Institute of Physical Chemistry<\/a> as of December. <\/p>\n\n<div style=\"height:25px\" aria-hidden=\"true\" class=\"wp-block-spacer\"><\/div>\n\n<blockquote class=\"wp-block-quote is-layout-flow wp-block-quote-is-layout-flow\">\n<figure class=\"wp-block-image size-full is-resized has-custom-border is-style-default\"><img fetchpriority=\"high\" decoding=\"async\" width=\"450\" height=\"450\" src=\"https:\/\/hch2.de\/wp-content\/uploads\/2023\/09\/Jansens_rund.jpg\" alt=\"\" class=\"wp-image-4534\" style=\"border-radius:7px;width:300px\" srcset=\"https:\/\/hch2.de\/wp-content\/uploads\/2023\/09\/Jansens_rund.jpg 450w, https:\/\/hch2.de\/wp-content\/uploads\/2023\/09\/Jansens_rund-300x300.jpg 300w, https:\/\/hch2.de\/wp-content\/uploads\/2023\/09\/Jansens_rund-150x150.jpg 150w\" sizes=\"(max-width: 450px) 100vw, 450px\" \/><\/figure>\n<\/blockquote>\n\n<blockquote class=\"wp-block-quote is-layout-flow wp-block-quote-is-layout-flow\">\n<p class=\"has-vivid-red-color has-text-color has-link-color wp-elements-dd7a8879b0da2325084739e0d94f1321\"><em>\u201cI hope that this team of first-class directors will be able to motivate many other talented researchers to join INW.\u201d<\/em><\/p>\n<\/blockquote>\n\n<blockquote class=\"wp-block-quote is-layout-flow wp-block-quote-is-layout-flow\">\n<p class=\"has-text-color has-link-color wp-elements-c28da4c360f2cc1743dc103cbf6b1d03\" style=\"color:#819ea5;line-height:1.2\"><strong>Dr. Peter Jansens<\/strong>, Member of the Board of Directors of Forschungszentrum J\u00fclich<\/p>\n<\/blockquote>\n\n<div style=\"height:25px\" aria-hidden=\"true\" class=\"wp-block-spacer\"><\/div>\n\n<p>\u201cI\u2019m excited by the challenge and opportunity to help develop a new institute,\u201d says Hans-Georg Steinr\u00fcck. J\u00fclich and Aachen are renowned locations for cutting-edge research in the field of renewable energy, he adds. \u201cI also have the innovative opportunity to perform work on a variety of scales. I think that such a structure, which puts basic research findings into practice more quickly, is very exciting and progressive.\u201d Steinr\u00fcck explains that this is an approach he is familiar with from his time at SLAC in Stanford.   <\/p>\n\n<div style=\"height:25px\" aria-hidden=\"true\" class=\"wp-block-spacer\"><\/div>\n\n<h3 class=\"wp-block-heading\">Thematic link between the subinstitutes<\/h3>\n\n<p>The INW subinstitutes are thematically linked and build on each other. Hans-Georg Steinr\u00fcck will work on the smallest scale, as he investigates the role and interactions of atoms and molecules in processes such as catalysis and other reactions. \u201cThe question of how we arrange a molecule on a catalyst surface will later play a significant role in determining the answer to the question of how durable and efficient the reactor is in application,\u201d says Steinr\u00fcck, explaining how his research field has an impact on the other INW subinstitutes.<br\/><br\/>  <\/p>\n\n<div style=\"height:25px\" aria-hidden=\"true\" class=\"wp-block-spacer\"><\/div>\n\n<h3 class=\"wp-block-heading\">Developing precise measuring techniques<\/h3>\n\n<p>The new director aims to develop and further refine precise operando measuring techniques, which he and his team will use to better evaluate the properties of atoms and molecules. \u201cFor example, we use surface-sensitive X-ray methods such as X-ray reflectometry to observe how the properties of catalyst surfaces change and develop during operation.\u201d <\/p>\n\n<p>In the first phase of his work at INW, Steinr\u00fcck will create his own team. He is currently on the lookout for chemists, physicists, engineers, postdocs, doctoral researchers, and technicians. Some of the positions have already been<a href=\"https:\/\/www.hch2.de\/karriere\/\" target=\"_blank\" rel=\"noreferrer noopener\"> advertised.<\/a>  <\/p>\n\n<div style=\"height:25px\" aria-hidden=\"true\" class=\"wp-block-spacer\"><\/div>\n\n<h3 class=\"wp-block-heading\">INW\u2019s role in the Rhenish mining area<\/h3>\n\n<p>INW forms the core of the <a href=\"https:\/\/www.hch2.de\/\" target=\"_blank\" rel=\"noreferrer noopener\">Helmholtz Cluster for a Sustainable and Infrastructure-Compatible Hydrogen Economy (HC-H2)<\/a>. The cluster aims to ensure economic growth during the structural change in the Rhenish mining area by demonstrating new hydrogen technologies. <\/p>\n\n<div style=\"height:200px\" aria-hidden=\"true\" class=\"wp-block-spacer\"><\/div>\n\n<p class=\"has-cyan-bluish-gray-color has-text-color has-link-color has-small-font-size wp-elements-c97b6a6ac26510578e57d24ac720fcae\" style=\"line-height:1.3\">The copyright for the images used on this website is held by Forschungszentrum J\u00fclich, aligator kommunikation GmbH and<br\/>stock.adobe.com.<\/p>\n","protected":false},"featured_media":5122,"template":"","categories":[253,252,254],"tags":[284],"class_list":["post-8431","aktuelles","type-aktuelles","status-publish","has-post-thumbnail","hentry","category-forschung-en","category-general-en","category-wasserstoff-en","tag-about-us"],"yoast_head":"<!-- This site is optimized with the Yoast SEO plugin v27.5 - https:\/\/yoast.com\/product\/yoast-seo-wordpress\/ -->\n<title>New Director at the Institute for a Sustainable Hydrogen Economy - HCH2<\/title>\n<meta name=\"robots\" content=\"index, follow, max-snippet:-1, max-image-preview:large, max-video-preview:-1\" \/>\n<link rel=\"canonical\" href=\"https:\/\/hch2.de\/en\/news\/new-director-at-the-institute-for-a-sustainable-hydrogen-economy\/\" \/>\n<meta property=\"og:locale\" content=\"en_US\" \/>\n<meta property=\"og:type\" content=\"article\" \/>\n<meta property=\"og:title\" content=\"New Director at the Institute for a Sustainable Hydrogen Economy - HCH2\" \/>\n<meta property=\"og:description\" content=\"Forschungszentrum J\u00fclich\u2019s Institute for a Sustainable Hydrogen Economy (INW) continues to grow. On 1 December, Prof. Dr. Hans-Georg Steinr\u00fcck will be appointed director of Catalytic Interfaces for Chemical Hydrogen Storage (INW-1). The 35-year-old physicist is moving to J\u00fclich from Paderborn University\u2019s Department of Chemistry and will establish the new subinstitute. With the appointment of Prof. [&hellip;]\" \/>\n<meta property=\"og:url\" content=\"https:\/\/hch2.de\/en\/news\/new-director-at-the-institute-for-a-sustainable-hydrogen-economy\/\" \/>\n<meta property=\"og:site_name\" content=\"HCH2\" \/>\n<meta property=\"article:modified_time\" content=\"2025-09-04T13:08:15+00:00\" \/>\n<meta property=\"og:image\" content=\"https:\/\/hch2.de\/wp-content\/uploads\/2023\/11\/29.11.2023_Hans-Georg-Steinrueck-_2000x1125.jpg\" \/>\n\t<meta property=\"og:image:width\" content=\"2000\" \/>\n\t<meta property=\"og:image:height\" content=\"1125\" \/>\n\t<meta property=\"og:image:type\" content=\"image\/jpeg\" \/>\n<meta name=\"twitter:card\" content=\"summary_large_image\" \/>\n<meta name=\"twitter:label1\" content=\"Est. reading time\" \/>\n\t<meta name=\"twitter:data1\" content=\"3 minutes\" \/>\n<script type=\"application\/ld+json\" class=\"yoast-schema-graph\">{\"@context\":\"https:\\\/\\\/schema.org\",\"@graph\":[{\"@type\":\"WebPage\",\"@id\":\"https:\\\/\\\/hch2.de\\\/en\\\/news\\\/new-director-at-the-institute-for-a-sustainable-hydrogen-economy\\\/\",\"url\":\"https:\\\/\\\/hch2.de\\\/en\\\/news\\\/new-director-at-the-institute-for-a-sustainable-hydrogen-economy\\\/\",\"name\":\"New Director at the Institute for a Sustainable Hydrogen Economy - HCH2\",\"isPartOf\":{\"@id\":\"https:\\\/\\\/hch2.de\\\/en\\\/#website\"},\"primaryImageOfPage\":{\"@id\":\"https:\\\/\\\/hch2.de\\\/en\\\/news\\\/new-director-at-the-institute-for-a-sustainable-hydrogen-economy\\\/#primaryimage\"},\"image\":{\"@id\":\"https:\\\/\\\/hch2.de\\\/en\\\/news\\\/new-director-at-the-institute-for-a-sustainable-hydrogen-economy\\\/#primaryimage\"},\"thumbnailUrl\":\"https:\\\/\\\/hch2.de\\\/wp-content\\\/uploads\\\/2023\\\/11\\\/29.11.2023_Hans-Georg-Steinrueck-_2000x1125.jpg\",\"datePublished\":\"2023-11-29T10:27:54+00:00\",\"dateModified\":\"2025-09-04T13:08:15+00:00\",\"breadcrumb\":{\"@id\":\"https:\\\/\\\/hch2.de\\\/en\\\/news\\\/new-director-at-the-institute-for-a-sustainable-hydrogen-economy\\\/#breadcrumb\"},\"inLanguage\":\"en-US\",\"potentialAction\":[{\"@type\":\"ReadAction\",\"target\":[\"https:\\\/\\\/hch2.de\\\/en\\\/news\\\/new-director-at-the-institute-for-a-sustainable-hydrogen-economy\\\/\"]}]},{\"@type\":\"ImageObject\",\"inLanguage\":\"en-US\",\"@id\":\"https:\\\/\\\/hch2.de\\\/en\\\/news\\\/new-director-at-the-institute-for-a-sustainable-hydrogen-economy\\\/#primaryimage\",\"url\":\"https:\\\/\\\/hch2.de\\\/wp-content\\\/uploads\\\/2023\\\/11\\\/29.11.2023_Hans-Georg-Steinrueck-_2000x1125.jpg\",\"contentUrl\":\"https:\\\/\\\/hch2.de\\\/wp-content\\\/uploads\\\/2023\\\/11\\\/29.11.2023_Hans-Georg-Steinrueck-_2000x1125.jpg\",\"width\":2000,\"height\":1125,\"caption\":\"On 1 December, Prof. Dr. Hans-Georg Steinr\u00fcck will take up his position as Director of Institute Division 1 at INW. Photo: Forschungszentrum J\u00fclich\\\/Jansen\"},{\"@type\":\"BreadcrumbList\",\"@id\":\"https:\\\/\\\/hch2.de\\\/en\\\/news\\\/new-director-at-the-institute-for-a-sustainable-hydrogen-economy\\\/#breadcrumb\",\"itemListElement\":[{\"@type\":\"ListItem\",\"position\":1,\"name\":\"Home\",\"item\":\"https:\\\/\\\/hch2.de\\\/en\\\/home\\\/\"},{\"@type\":\"ListItem\",\"position\":2,\"name\":\"Aktuelles\",\"item\":\"https:\\\/\\\/hch2.de\\\/en\\\/news\\\/\"},{\"@type\":\"ListItem\",\"position\":3,\"name\":\"New Director at the Institute for a Sustainable Hydrogen Economy\"}]},{\"@type\":\"WebSite\",\"@id\":\"https:\\\/\\\/hch2.de\\\/en\\\/#website\",\"url\":\"https:\\\/\\\/hch2.de\\\/en\\\/\",\"name\":\"HCH2\",\"description\":\"\",\"potentialAction\":[{\"@type\":\"SearchAction\",\"target\":{\"@type\":\"EntryPoint\",\"urlTemplate\":\"https:\\\/\\\/hch2.de\\\/en\\\/?s={search_term_string}\"},\"query-input\":{\"@type\":\"PropertyValueSpecification\",\"valueRequired\":true,\"valueName\":\"search_term_string\"}}],\"inLanguage\":\"en-US\"}]}<\/script>\n<!-- \/ Yoast SEO plugin. -->","yoast_head_json":{"title":"New Director at the Institute for a Sustainable Hydrogen Economy - HCH2","robots":{"index":"index","follow":"follow","max-snippet":"max-snippet:-1","max-image-preview":"max-image-preview:large","max-video-preview":"max-video-preview:-1"},"canonical":"https:\/\/hch2.de\/en\/news\/new-director-at-the-institute-for-a-sustainable-hydrogen-economy\/","og_locale":"en_US","og_type":"article","og_title":"New Director at the Institute for a Sustainable Hydrogen Economy - HCH2","og_description":"Forschungszentrum J\u00fclich\u2019s Institute for a Sustainable Hydrogen Economy (INW) continues to grow. On 1 December, Prof. Dr. Hans-Georg Steinr\u00fcck will be appointed director of Catalytic Interfaces for Chemical Hydrogen Storage (INW-1). The 35-year-old physicist is moving to J\u00fclich from Paderborn University\u2019s Department of Chemistry and will establish the new subinstitute. With the appointment of Prof. [&hellip;]","og_url":"https:\/\/hch2.de\/en\/news\/new-director-at-the-institute-for-a-sustainable-hydrogen-economy\/","og_site_name":"HCH2","article_modified_time":"2025-09-04T13:08:15+00:00","og_image":[{"width":2000,"height":1125,"url":"https:\/\/hch2.de\/wp-content\/uploads\/2023\/11\/29.11.2023_Hans-Georg-Steinrueck-_2000x1125.jpg","type":"image\/jpeg"}],"twitter_card":"summary_large_image","twitter_misc":{"Est. reading time":"3 minutes"},"schema":{"@context":"https:\/\/schema.org","@graph":[{"@type":"WebPage","@id":"https:\/\/hch2.de\/en\/news\/new-director-at-the-institute-for-a-sustainable-hydrogen-economy\/","url":"https:\/\/hch2.de\/en\/news\/new-director-at-the-institute-for-a-sustainable-hydrogen-economy\/","name":"New Director at the Institute for a Sustainable Hydrogen Economy - HCH2","isPartOf":{"@id":"https:\/\/hch2.de\/en\/#website"},"primaryImageOfPage":{"@id":"https:\/\/hch2.de\/en\/news\/new-director-at-the-institute-for-a-sustainable-hydrogen-economy\/#primaryimage"},"image":{"@id":"https:\/\/hch2.de\/en\/news\/new-director-at-the-institute-for-a-sustainable-hydrogen-economy\/#primaryimage"},"thumbnailUrl":"https:\/\/hch2.de\/wp-content\/uploads\/2023\/11\/29.11.2023_Hans-Georg-Steinrueck-_2000x1125.jpg","datePublished":"2023-11-29T10:27:54+00:00","dateModified":"2025-09-04T13:08:15+00:00","breadcrumb":{"@id":"https:\/\/hch2.de\/en\/news\/new-director-at-the-institute-for-a-sustainable-hydrogen-economy\/#breadcrumb"},"inLanguage":"en-US","potentialAction":[{"@type":"ReadAction","target":["https:\/\/hch2.de\/en\/news\/new-director-at-the-institute-for-a-sustainable-hydrogen-economy\/"]}]},{"@type":"ImageObject","inLanguage":"en-US","@id":"https:\/\/hch2.de\/en\/news\/new-director-at-the-institute-for-a-sustainable-hydrogen-economy\/#primaryimage","url":"https:\/\/hch2.de\/wp-content\/uploads\/2023\/11\/29.11.2023_Hans-Georg-Steinrueck-_2000x1125.jpg","contentUrl":"https:\/\/hch2.de\/wp-content\/uploads\/2023\/11\/29.11.2023_Hans-Georg-Steinrueck-_2000x1125.jpg","width":2000,"height":1125,"caption":"On 1 December, Prof. Dr. Hans-Georg Steinr\u00fcck will take up his position as Director of Institute Division 1 at INW. Photo: Forschungszentrum J\u00fclich\/Jansen"},{"@type":"BreadcrumbList","@id":"https:\/\/hch2.de\/en\/news\/new-director-at-the-institute-for-a-sustainable-hydrogen-economy\/#breadcrumb","itemListElement":[{"@type":"ListItem","position":1,"name":"Home","item":"https:\/\/hch2.de\/en\/home\/"},{"@type":"ListItem","position":2,"name":"Aktuelles","item":"https:\/\/hch2.de\/en\/news\/"},{"@type":"ListItem","position":3,"name":"New Director at the Institute for a Sustainable Hydrogen Economy"}]},{"@type":"WebSite","@id":"https:\/\/hch2.de\/en\/#website","url":"https:\/\/hch2.de\/en\/","name":"HCH2","description":"","potentialAction":[{"@type":"SearchAction","target":{"@type":"EntryPoint","urlTemplate":"https:\/\/hch2.de\/en\/?s={search_term_string}"},"query-input":{"@type":"PropertyValueSpecification","valueRequired":true,"valueName":"search_term_string"}}],"inLanguage":"en-US"}]}},"_links":{"self":[{"href":"https:\/\/hch2.de\/en\/wp-json\/wp\/v2\/aktuelles\/8431","targetHints":{"allow":["GET"]}}],"collection":[{"href":"https:\/\/hch2.de\/en\/wp-json\/wp\/v2\/aktuelles"}],"about":[{"href":"https:\/\/hch2.de\/en\/wp-json\/wp\/v2\/types\/aktuelles"}],"wp:featuredmedia":[{"embeddable":true,"href":"https:\/\/hch2.de\/en\/wp-json\/wp\/v2\/media\/5122"}],"wp:attachment":[{"href":"https:\/\/hch2.de\/en\/wp-json\/wp\/v2\/media?parent=8431"}],"wp:term":[{"taxonomy":"category","embeddable":true,"href":"https:\/\/hch2.de\/en\/wp-json\/wp\/v2\/categories?post=8431"},{"taxonomy":"post_tag","embeddable":true,"href":"https:\/\/hch2.de\/en\/wp-json\/wp\/v2\/tags?post=8431"}],"curies":[{"name":"wp","href":"https:\/\/api.w.org\/{rel}","templated":true}]}}