{"id":8430,"date":"2023-10-20T12:27:54","date_gmt":"2023-10-20T10:27:54","guid":{"rendered":"https:\/\/hch2.de\/?post_type=aktuelles&#038;p=8430"},"modified":"2025-09-04T15:08:15","modified_gmt":"2025-09-04T13:08:15","slug":"the-modular-design-behind-the-technical-centre","status":"publish","type":"aktuelles","link":"https:\/\/hch2.de\/en\/news\/the-modular-design-behind-the-technical-centre\/","title":{"rendered":"The Modular Design Behind the Technical Centre"},"content":{"rendered":"\n<div style=\"height:25px\" aria-hidden=\"true\" class=\"wp-block-spacer\"><\/div>\n\n<h3 class=\"wp-block-heading\">Built extraordinarily quickly<\/h3>\n\n<p><strong>When a building contractor says that their company offers buildings in a modular design, this doesn\u2019t necessarily sound like impressive architecture at first. However, Jan Weisel, managing director of<a href=\"https:\/\/valeres.de\/\" target=\"_blank\" rel=\"noreferrer noopener\"> VALERES Industriebau GmbH<\/a>, now explains why this can indeed be the case, citing a specific example. Speaking at the technical centre of Forschungszentrum J\u00fclich\u2019s <a href=\"https:\/\/www.fz-juelich.de\/de\/inw\/\" target=\"_blank\" rel=\"noreferrer noopener\">Institute for a Sustainable Hydrogen Economy (INW)<\/a>, he highlighted the advantages.  <\/strong><\/p>\n\n<p>The technical centre was not only built extraordinarily quickly thanks to VALERES\u2019 modular design system, it is also sustainable, tailored to the requirements of the user, and features an impressive architectural design. \u201cThis is not something that any company is capable of. And this is something we are proud of,\u201d said Weisel, referring to the working methods of the W\u00fcrselen-based firm, which has 25 employees.  <\/p>\n\n<div style=\"height:25px\" aria-hidden=\"true\" class=\"wp-block-spacer\"><\/div>\n\n<blockquote class=\"wp-block-quote is-layout-flow wp-block-quote-is-layout-flow\">\n<p class=\"has-vivid-red-color has-text-color has-link-color wp-elements-46a9d14d62479c9d3a237814b703fe0f\"><em>&#8220;The modular design allows us to respond more quickly to individual user requirements.\u201d<\/em><\/p>\n<\/blockquote>\n\n<blockquote class=\"wp-block-quote is-layout-flow wp-block-quote-is-layout-flow\">\n<p class=\"has-text-color has-link-color wp-elements-2baf7ad7bbe4553797caf284c7030e24\" style=\"color:#819ea5;line-height:1.2\"><strong>Jan Weisel<\/strong>, managing director of VALERES<\/p>\n<\/blockquote>\n\n<div style=\"height:40px\" aria-hidden=\"true\" class=\"wp-block-spacer\"><\/div>\n\n<p>VALERES designed, planned, and built the technical centre in which researchers at the institute will soon design, develop, and test innovative hydrogen technologies. The building was completed in late summer and will soon be filled with scientific life. The Hydrogen Network NRW team based at INW used the almost empty interior space to invite the <a href=\"https:\/\/www.brainergy-park.de\/\" target=\"_blank\" rel=\"noreferrer noopener\">Brainergy Park<\/a> neighbourhood to visit the centre.  <\/p>\n\n<p>HC-H2 Brainergy Park Connect is the name of the event hosted by the network team in which neighbours and interested parties from the innovative industrial estate regularly gather for a meeting over lunch. To give a clear overview: INW forms the core and is an organizational unit of the Helmholtz hydrogen cluster (HC-H2). INW is the tenant of the newly built technical centre. <a href=\"https:\/\/juelig.de\/\" target=\"_blank\" rel=\"noreferrer noopener\">J\u00fclicher Immobiliengesellschaft <\/a>is the lessor and VALARES is the building contractor with its turnkey modular design.   <\/p>\n\n<div style=\"height:25px\" aria-hidden=\"true\" class=\"wp-block-spacer\"><\/div>\n\n<h3 class=\"wp-block-heading\">A gross floor area of 1,110 square metres<\/h3>\n\n<p>VALERES built and handed over the technical centre within eight months. \u201cThe modular design allows us to respond more quickly to individual user requirements,\u201d explained Weisel. The requirements of INW: to begin as quickly as possible and to respond to requirements during construction, which INW was often only able to first define while construction was ongoing. \u201cIf we\u2019d have waited until planning was completely finished, then we\u2019d currently be at square one,\u201d said Weisel, looking into the completed centre.   <\/p>\n\n<p>According to Weisel, the technical centre provides INW with a gross floor area of 1,100 square metres. It is also sustainable and \u2013 as an EG40 efficient building \u2013 consumes 27 % less primary energy compared to a conventional reference building, Weisel adds. The proportion of renewable building material has been maximized, and the building will be fully supplied by a heat pump, thus using environmental energy. \u201cFor us, this technical centre represents a very important step towards practical work,\u201d added Fabian Patzak, head of the Hydrogen Network NRW team.   <\/p>\n\n<div style=\"height:25px\" aria-hidden=\"true\" class=\"wp-block-spacer\"><\/div>\n\n<figure class=\"wp-block-image size-large has-custom-border is-style-default\"><img fetchpriority=\"high\" decoding=\"async\" width=\"1024\" height=\"576\" src=\"https:\/\/hch2.de\/wp-content\/uploads\/2023\/10\/20.10.2023_JanWeisel_02_2000x1125-1024x576.jpg\" alt=\"\" class=\"wp-image-5392\" style=\"border-radius:7px\" srcset=\"https:\/\/hch2.de\/wp-content\/uploads\/2023\/10\/20.10.2023_JanWeisel_02_2000x1125-1024x576.jpg 1024w, https:\/\/hch2.de\/wp-content\/uploads\/2023\/10\/20.10.2023_JanWeisel_02_2000x1125-300x169.jpg 300w, https:\/\/hch2.de\/wp-content\/uploads\/2023\/10\/20.10.2023_JanWeisel_02_2000x1125-768x432.jpg 768w, https:\/\/hch2.de\/wp-content\/uploads\/2023\/10\/20.10.2023_JanWeisel_02_2000x1125-1536x864.jpg 1536w, https:\/\/hch2.de\/wp-content\/uploads\/2023\/10\/20.10.2023_JanWeisel_02_2000x1125.jpg 2000w\" sizes=\"(max-width: 1024px) 100vw, 1024px\" \/><figcaption class=\"wp-element-caption\">Jan Weisel, managing director of VALERES Industriebau GmbH, explains the building\u2019s modular design at the most recent edition of the HC-H2 Brainergy Park Connect event. Photo: Forschungszentrum J\u00fclich\/Jansen  <\/figcaption><\/figure>\n\n<div style=\"height:200px\" aria-hidden=\"true\" class=\"wp-block-spacer\"><\/div>\n\n<p class=\"has-cyan-bluish-gray-color has-text-color has-link-color has-small-font-size wp-elements-c97b6a6ac26510578e57d24ac720fcae\" style=\"line-height:1.3\">The copyright for the images used on this website is held by Forschungszentrum J\u00fclich, aligator kommunikation GmbH and<br\/>stock.adobe.com.<\/p>\n","protected":false},"featured_media":4373,"template":"","categories":[253,252,254],"tags":[265],"class_list":["post-8430","aktuelles","type-aktuelles","status-publish","has-post-thumbnail","hentry","category-forschung-en","category-general-en","category-wasserstoff-en","tag-connect-en"],"yoast_head":"<!-- This site is optimized with the Yoast SEO plugin v27.5 - https:\/\/yoast.com\/product\/yoast-seo-wordpress\/ -->\n<title>The Modular Design Behind the Technical Centre - HCH2<\/title>\n<meta name=\"robots\" content=\"index, follow, max-snippet:-1, max-image-preview:large, max-video-preview:-1\" \/>\n<link rel=\"canonical\" href=\"https:\/\/hch2.de\/en\/news\/the-modular-design-behind-the-technical-centre\/\" \/>\n<meta property=\"og:locale\" content=\"en_US\" \/>\n<meta property=\"og:type\" content=\"article\" \/>\n<meta property=\"og:title\" content=\"The Modular Design Behind the Technical Centre - HCH2\" \/>\n<meta property=\"og:description\" content=\"Built extraordinarily quickly When a building contractor says that their company offers buildings in a modular design, this doesn\u2019t necessarily sound like impressive architecture at first. However, Jan Weisel, managing director of VALERES Industriebau GmbH, now explains why this can indeed be the case, citing a specific example. Speaking at the technical centre of Forschungszentrum [&hellip;]\" \/>\n<meta property=\"og:url\" content=\"https:\/\/hch2.de\/en\/news\/the-modular-design-behind-the-technical-centre\/\" \/>\n<meta property=\"og:site_name\" content=\"HCH2\" \/>\n<meta property=\"article:modified_time\" content=\"2025-09-04T13:08:15+00:00\" \/>\n<meta property=\"og:image\" content=\"https:\/\/hch2.de\/wp-content\/uploads\/2023\/10\/20.10.2023_HalledesInstituts_Wasserstoffwirtschaft_2000x1125.jpg\" \/>\n\t<meta property=\"og:image:width\" content=\"2000\" \/>\n\t<meta property=\"og:image:height\" content=\"1125\" \/>\n\t<meta property=\"og:image:type\" content=\"image\/jpeg\" \/>\n<meta name=\"twitter:card\" content=\"summary_large_image\" \/>\n<meta name=\"twitter:label1\" content=\"Est. reading time\" \/>\n\t<meta name=\"twitter:data1\" content=\"3 minutes\" \/>\n<script type=\"application\/ld+json\" class=\"yoast-schema-graph\">{\"@context\":\"https:\\\/\\\/schema.org\",\"@graph\":[{\"@type\":\"WebPage\",\"@id\":\"https:\\\/\\\/hch2.de\\\/en\\\/news\\\/the-modular-design-behind-the-technical-centre\\\/\",\"url\":\"https:\\\/\\\/hch2.de\\\/en\\\/news\\\/the-modular-design-behind-the-technical-centre\\\/\",\"name\":\"The Modular Design Behind the Technical Centre - HCH2\",\"isPartOf\":{\"@id\":\"https:\\\/\\\/hch2.de\\\/en\\\/#website\"},\"primaryImageOfPage\":{\"@id\":\"https:\\\/\\\/hch2.de\\\/en\\\/news\\\/the-modular-design-behind-the-technical-centre\\\/#primaryimage\"},\"image\":{\"@id\":\"https:\\\/\\\/hch2.de\\\/en\\\/news\\\/the-modular-design-behind-the-technical-centre\\\/#primaryimage\"},\"thumbnailUrl\":\"https:\\\/\\\/hch2.de\\\/wp-content\\\/uploads\\\/2023\\\/10\\\/20.10.2023_HalledesInstituts_Wasserstoffwirtschaft_2000x1125.jpg\",\"datePublished\":\"2023-10-20T10:27:54+00:00\",\"dateModified\":\"2025-09-04T13:08:15+00:00\",\"breadcrumb\":{\"@id\":\"https:\\\/\\\/hch2.de\\\/en\\\/news\\\/the-modular-design-behind-the-technical-centre\\\/#breadcrumb\"},\"inLanguage\":\"en-US\",\"potentialAction\":[{\"@type\":\"ReadAction\",\"target\":[\"https:\\\/\\\/hch2.de\\\/en\\\/news\\\/the-modular-design-behind-the-technical-centre\\\/\"]}]},{\"@type\":\"ImageObject\",\"inLanguage\":\"en-US\",\"@id\":\"https:\\\/\\\/hch2.de\\\/en\\\/news\\\/the-modular-design-behind-the-technical-centre\\\/#primaryimage\",\"url\":\"https:\\\/\\\/hch2.de\\\/wp-content\\\/uploads\\\/2023\\\/10\\\/20.10.2023_HalledesInstituts_Wasserstoffwirtschaft_2000x1125.jpg\",\"contentUrl\":\"https:\\\/\\\/hch2.de\\\/wp-content\\\/uploads\\\/2023\\\/10\\\/20.10.2023_HalledesInstituts_Wasserstoffwirtschaft_2000x1125.jpg\",\"width\":2000,\"height\":1125,\"caption\":\"A look inside the new technical hall of the Institute for Sustainable Hydrogen Economy at Forschungszentrum J\u00fclich. It is located in Brainergy Park J\u00fclich. Photo: Forschungszentrum J\u00fclich\\\/Jansen\"},{\"@type\":\"BreadcrumbList\",\"@id\":\"https:\\\/\\\/hch2.de\\\/en\\\/news\\\/the-modular-design-behind-the-technical-centre\\\/#breadcrumb\",\"itemListElement\":[{\"@type\":\"ListItem\",\"position\":1,\"name\":\"Home\",\"item\":\"https:\\\/\\\/hch2.de\\\/en\\\/home\\\/\"},{\"@type\":\"ListItem\",\"position\":2,\"name\":\"Aktuelles\",\"item\":\"https:\\\/\\\/hch2.de\\\/en\\\/news\\\/\"},{\"@type\":\"ListItem\",\"position\":3,\"name\":\"The Modular Design Behind the Technical Centre\"}]},{\"@type\":\"WebSite\",\"@id\":\"https:\\\/\\\/hch2.de\\\/en\\\/#website\",\"url\":\"https:\\\/\\\/hch2.de\\\/en\\\/\",\"name\":\"HCH2\",\"description\":\"\",\"potentialAction\":[{\"@type\":\"SearchAction\",\"target\":{\"@type\":\"EntryPoint\",\"urlTemplate\":\"https:\\\/\\\/hch2.de\\\/en\\\/?s={search_term_string}\"},\"query-input\":{\"@type\":\"PropertyValueSpecification\",\"valueRequired\":true,\"valueName\":\"search_term_string\"}}],\"inLanguage\":\"en-US\"}]}<\/script>\n<!-- \/ Yoast SEO plugin. -->","yoast_head_json":{"title":"The Modular Design Behind the Technical Centre - HCH2","robots":{"index":"index","follow":"follow","max-snippet":"max-snippet:-1","max-image-preview":"max-image-preview:large","max-video-preview":"max-video-preview:-1"},"canonical":"https:\/\/hch2.de\/en\/news\/the-modular-design-behind-the-technical-centre\/","og_locale":"en_US","og_type":"article","og_title":"The Modular Design Behind the Technical Centre - HCH2","og_description":"Built extraordinarily quickly When a building contractor says that their company offers buildings in a modular design, this doesn\u2019t necessarily sound like impressive architecture at first. However, Jan Weisel, managing director of VALERES Industriebau GmbH, now explains why this can indeed be the case, citing a specific example. Speaking at the technical centre of Forschungszentrum [&hellip;]","og_url":"https:\/\/hch2.de\/en\/news\/the-modular-design-behind-the-technical-centre\/","og_site_name":"HCH2","article_modified_time":"2025-09-04T13:08:15+00:00","og_image":[{"width":2000,"height":1125,"url":"https:\/\/hch2.de\/wp-content\/uploads\/2023\/10\/20.10.2023_HalledesInstituts_Wasserstoffwirtschaft_2000x1125.jpg","type":"image\/jpeg"}],"twitter_card":"summary_large_image","twitter_misc":{"Est. reading time":"3 minutes"},"schema":{"@context":"https:\/\/schema.org","@graph":[{"@type":"WebPage","@id":"https:\/\/hch2.de\/en\/news\/the-modular-design-behind-the-technical-centre\/","url":"https:\/\/hch2.de\/en\/news\/the-modular-design-behind-the-technical-centre\/","name":"The Modular Design Behind the Technical Centre - HCH2","isPartOf":{"@id":"https:\/\/hch2.de\/en\/#website"},"primaryImageOfPage":{"@id":"https:\/\/hch2.de\/en\/news\/the-modular-design-behind-the-technical-centre\/#primaryimage"},"image":{"@id":"https:\/\/hch2.de\/en\/news\/the-modular-design-behind-the-technical-centre\/#primaryimage"},"thumbnailUrl":"https:\/\/hch2.de\/wp-content\/uploads\/2023\/10\/20.10.2023_HalledesInstituts_Wasserstoffwirtschaft_2000x1125.jpg","datePublished":"2023-10-20T10:27:54+00:00","dateModified":"2025-09-04T13:08:15+00:00","breadcrumb":{"@id":"https:\/\/hch2.de\/en\/news\/the-modular-design-behind-the-technical-centre\/#breadcrumb"},"inLanguage":"en-US","potentialAction":[{"@type":"ReadAction","target":["https:\/\/hch2.de\/en\/news\/the-modular-design-behind-the-technical-centre\/"]}]},{"@type":"ImageObject","inLanguage":"en-US","@id":"https:\/\/hch2.de\/en\/news\/the-modular-design-behind-the-technical-centre\/#primaryimage","url":"https:\/\/hch2.de\/wp-content\/uploads\/2023\/10\/20.10.2023_HalledesInstituts_Wasserstoffwirtschaft_2000x1125.jpg","contentUrl":"https:\/\/hch2.de\/wp-content\/uploads\/2023\/10\/20.10.2023_HalledesInstituts_Wasserstoffwirtschaft_2000x1125.jpg","width":2000,"height":1125,"caption":"A look inside the new technical hall of the Institute for Sustainable Hydrogen Economy at Forschungszentrum J\u00fclich. It is located in Brainergy Park J\u00fclich. Photo: Forschungszentrum J\u00fclich\/Jansen"},{"@type":"BreadcrumbList","@id":"https:\/\/hch2.de\/en\/news\/the-modular-design-behind-the-technical-centre\/#breadcrumb","itemListElement":[{"@type":"ListItem","position":1,"name":"Home","item":"https:\/\/hch2.de\/en\/home\/"},{"@type":"ListItem","position":2,"name":"Aktuelles","item":"https:\/\/hch2.de\/en\/news\/"},{"@type":"ListItem","position":3,"name":"The Modular Design Behind the Technical Centre"}]},{"@type":"WebSite","@id":"https:\/\/hch2.de\/en\/#website","url":"https:\/\/hch2.de\/en\/","name":"HCH2","description":"","potentialAction":[{"@type":"SearchAction","target":{"@type":"EntryPoint","urlTemplate":"https:\/\/hch2.de\/en\/?s={search_term_string}"},"query-input":{"@type":"PropertyValueSpecification","valueRequired":true,"valueName":"search_term_string"}}],"inLanguage":"en-US"}]}},"_links":{"self":[{"href":"https:\/\/hch2.de\/en\/wp-json\/wp\/v2\/aktuelles\/8430","targetHints":{"allow":["GET"]}}],"collection":[{"href":"https:\/\/hch2.de\/en\/wp-json\/wp\/v2\/aktuelles"}],"about":[{"href":"https:\/\/hch2.de\/en\/wp-json\/wp\/v2\/types\/aktuelles"}],"wp:featuredmedia":[{"embeddable":true,"href":"https:\/\/hch2.de\/en\/wp-json\/wp\/v2\/media\/4373"}],"wp:attachment":[{"href":"https:\/\/hch2.de\/en\/wp-json\/wp\/v2\/media?parent=8430"}],"wp:term":[{"taxonomy":"category","embeddable":true,"href":"https:\/\/hch2.de\/en\/wp-json\/wp\/v2\/categories?post=8430"},{"taxonomy":"post_tag","embeddable":true,"href":"https:\/\/hch2.de\/en\/wp-json\/wp\/v2\/tags?post=8430"}],"curies":[{"name":"wp","href":"https:\/\/api.w.org\/{rel}","templated":true}]}}